{"id":40,"date":"2025-10-11T07:11:28","date_gmt":"2025-10-11T07:11:28","guid":{"rendered":"https:\/\/feelit.ee\/home\/home\/"},"modified":"2026-08-22T16:55:15","modified_gmt":"2026-08-22T13:55:15","slug":"therapy-and-counselling-for-burnout-anxiety-and-personal-growth-oksana-lang","status":"publish","type":"page","link":"https:\/\/feelit.ee\/home\/","title":{"rendered":"Therapy and Counselling for Burnout, Anxiety, and Personal Growth | Oksana Lang"},"content":{"rendered":"\n<div class=\"wp-block-group alignfull has-background-background-color has-background has-global-padding is-layout-constrained wp-container-core-group-is-layout-4264a88a wp-block-group-is-layout-constrained\" style=\"border-bottom-color:var(--wp--preset--color--background);border-bottom-width:1px;margin-top:0;margin-bottom:0;padding-top:var(--wp--preset--spacing--30);padding-right:var(--wp--preset--spacing--20);padding-bottom:var(--wp--preset--spacing--60);padding-left:var(--wp--preset--spacing--20)\">\n<div class=\"wp-block-columns alignwide is-layout-flex wp-container-core-columns-is-layout-b61f77e0 wp-block-columns-is-layout-flex\">\n<div class=\"wp-block-column is-vertically-aligned-stretch is-layout-flow wp-block-column-is-layout-flow\">\n<div class=\"wp-block-cover is-light\" style=\"border-radius:1.5rem;padding-top:var(--wp--preset--spacing--60);padding-bottom:var(--wp--preset--spacing--60);min-height:100%;aspect-ratio:unset;\"><img loading=\"lazy\" decoding=\"async\" width=\"683\" height=\"1024\" class=\"wp-block-cover__image-background wp-image-232 size-large\" alt=\"\" src=\"https:\/\/feelit.ee\/home\/wp-content\/uploads\/2025\/12\/IMG_0887-683x1024.jpg\" data-object-fit=\"cover\" srcset=\"https:\/\/feelit.ee\/home\/wp-content\/uploads\/2025\/12\/IMG_0887-683x1024.jpg 683w, https:\/\/feelit.ee\/home\/wp-content\/uploads\/2025\/12\/IMG_0887-200x300.jpg 200w, https:\/\/feelit.ee\/home\/wp-content\/uploads\/2025\/12\/IMG_0887-768x1152.jpg 768w, https:\/\/feelit.ee\/home\/wp-content\/uploads\/2025\/12\/IMG_0887-1024x1536.jpg 1024w, https:\/\/feelit.ee\/home\/wp-content\/uploads\/2025\/12\/IMG_0887-1365x2048.jpg 1365w, https:\/\/feelit.ee\/home\/wp-content\/uploads\/2025\/12\/IMG_0887-scaled.jpg 1707w\" sizes=\"auto, (max-width: 683px) 100vw, 683px\" \/><span aria-hidden=\"true\" class=\"wp-block-cover__background has-background-dim-0 has-background-dim\" style=\"background-color:#cec2c4\"><\/span><div class=\"wp-block-cover__inner-container has-global-padding is-layout-constrained wp-block-cover-is-layout-constrained\">\n<div style=\"height:380px\" aria-hidden=\"true\" class=\"wp-block-spacer\"><\/div>\n<\/div><\/div>\n<\/div>\n\n\n\n<div class=\"wp-block-column is-vertically-aligned-center is-layout-flow wp-block-column-is-layout-flow\">\n<div class=\"wp-block-group alignfull has-tertiary-background-color has-background has-global-padding is-content-justification-center is-layout-constrained wp-container-core-group-is-layout-68bec3bc wp-block-group-is-layout-constrained\" style=\"border-radius:1.5rem;padding-top:var(--wp--preset--spacing--60);padding-right:var(--wp--preset--spacing--40);padding-bottom:var(--wp--preset--spacing--60);padding-left:var(--wp--preset--spacing--40)\">\n<h3 class=\"wp-block-heading\">The first step towards recovery is allowing yourself to Feel it<\/h3>\n\n\n\n<p class=\"wp-block-paragraph\" style=\"margin-top:16px\">I\u2019m Oksana &#8211; certified gestalt psychotherapist. I offer:<\/p>\n\n\n\n<div class=\"wp-block-group is-vertical is-layout-flex wp-container-core-group-is-layout-0dd4e8bc wp-block-group-is-layout-flex\">\n<div class=\"wp-block-group is-nowrap is-layout-flex wp-container-core-group-is-layout-9d489574 wp-block-group-is-layout-flex\">\n<ul class=\"wp-block-list\">\n<li><strong>Individual therapy<\/strong> &#8211; a safe space for your personal journey<\/li>\n\n\n\n<li><strong>Group sessions<\/strong> &#8211; supportive communities for shared growth<\/li>\n\n\n\n<li><strong>Workshops for organisations<\/strong> &#8211; burnout prevention, mental health awareness, and workspace well-being<\/li>\n<\/ul>\n<\/div>\n\n\n\n<div class=\"wp-block-group is-nowrap is-layout-flex wp-container-core-group-is-layout-9d489574 wp-block-group-is-layout-flex\">\n<p class=\"wp-block-paragraph\">Available in <strong>English, Estonian, and Ukrainian<\/strong>, in Tallinn or online.<\/p>\n<\/div>\n<\/div>\n\n\n\n<div class=\"wp-block-buttons is-content-justification-left is-layout-flex wp-container-core-buttons-is-layout-3780274e wp-block-buttons-is-layout-flex\" style=\"margin-top:var(--wp--preset--spacing--30)\">\n<div class=\"wp-block-button\"><a class=\"wp-block-button__link wp-element-button\" href=\"https:\/\/feelit.ee\/home\/services\">Learn More<\/a><\/div>\n<\/div>\n<\/div>\n\n\n\n<div class=\"wp-block-columns alignwide is-layout-flex wp-container-core-columns-is-layout-b61f77e0 wp-block-columns-is-layout-flex\">\n<div class=\"wp-block-column is-layout-flow wp-block-column-is-layout-flow\">\n<div class=\"wp-block-group has-tertiary-background-color has-background has-global-padding is-layout-constrained wp-container-core-group-is-layout-fc944601 wp-block-group-is-layout-constrained\" style=\"border-radius:1.5rem;padding-top:var(--wp--preset--spacing--30);padding-right:24px;padding-bottom:var(--wp--preset--spacing--30);padding-left:24px\">\n<h3 class=\"wp-block-heading has-medium-font-size\" style=\"margin-top:16px\">Member of:<\/h3>\n\n\n\n<div class=\"wp-block-columns is-layout-flex wp-container-core-columns-is-layout-e35d3e13 wp-block-columns-is-layout-flex\">\n<div class=\"wp-block-column is-layout-flow wp-block-column-is-layout-flow\">\n<figure class=\"wp-block-image size-large\"><a href=\"https:\/\/psyhhoteraapia.com\/oksana-lang\/\" target=\"_blank\" rel=\" noreferrer noopener\"><img loading=\"lazy\" decoding=\"async\" width=\"1024\" height=\"512\" src=\"https:\/\/feelit.ee\/home\/wp-content\/uploads\/2025\/10\/Member-of-Estonian-Gestalt-1024x512.png\" alt=\"\" class=\"wp-image-79\" srcset=\"https:\/\/feelit.ee\/home\/wp-content\/uploads\/2025\/10\/Member-of-Estonian-Gestalt-1024x512.png 1024w, https:\/\/feelit.ee\/home\/wp-content\/uploads\/2025\/10\/Member-of-Estonian-Gestalt-300x150.png 300w, https:\/\/feelit.ee\/home\/wp-content\/uploads\/2025\/10\/Member-of-Estonian-Gestalt-768x384.png 768w, https:\/\/feelit.ee\/home\/wp-content\/uploads\/2025\/10\/Member-of-Estonian-Gestalt-1536x768.png 1536w, https:\/\/feelit.ee\/home\/wp-content\/uploads\/2025\/10\/Member-of-Estonian-Gestalt-2048x1024.png 2048w\" sizes=\"auto, (max-width: 1024px) 100vw, 1024px\" \/><\/a><\/figure>\n<\/div>\n\n\n\n<div class=\"wp-block-column is-layout-flow wp-block-column-is-layout-flow\">\n<figure class=\"wp-block-image size-large\"><a href=\"https:\/\/www.gestaltteraapia.ee\/oksanalang\" target=\"_blank\" rel=\" noreferrer noopener\"><img loading=\"lazy\" decoding=\"async\" width=\"1024\" height=\"512\" src=\"https:\/\/feelit.ee\/home\/wp-content\/uploads\/2025\/10\/Member-of-Estonian-Gestalt-1-1024x512.png\" alt=\"\" class=\"wp-image-80\" srcset=\"https:\/\/feelit.ee\/home\/wp-content\/uploads\/2025\/10\/Member-of-Estonian-Gestalt-1-1024x512.png 1024w, https:\/\/feelit.ee\/home\/wp-content\/uploads\/2025\/10\/Member-of-Estonian-Gestalt-1-300x150.png 300w, https:\/\/feelit.ee\/home\/wp-content\/uploads\/2025\/10\/Member-of-Estonian-Gestalt-1-768x384.png 768w, https:\/\/feelit.ee\/home\/wp-content\/uploads\/2025\/10\/Member-of-Estonian-Gestalt-1-1536x768.png 1536w, https:\/\/feelit.ee\/home\/wp-content\/uploads\/2025\/10\/Member-of-Estonian-Gestalt-1-2048x1024.png 2048w\" sizes=\"auto, (max-width: 1024px) 100vw, 1024px\" \/><\/a><\/figure>\n<\/div>\n<\/div>\n<\/div>\n<\/div>\n<\/div>\n<\/div>\n<\/div>\n<\/div>\n\n\n\n<div class=\"wp-block-group alignfull has-tertiary-background-color has-background has-global-padding is-layout-constrained wp-container-core-group-is-layout-6186ed13 wp-block-group-is-layout-constrained\" style=\"margin-top:0;margin-bottom:0;padding-top:var(--wp--preset--spacing--60);padding-right:var(--wp--preset--spacing--30);padding-bottom:var(--wp--preset--spacing--60);padding-left:var(--wp--preset--spacing--30)\">\n<div class=\"wp-block-columns alignwide is-layout-flex wp-container-core-columns-is-layout-06aaea7b wp-block-columns-is-layout-flex\">\n<div class=\"wp-block-column is-layout-flow wp-block-column-is-layout-flow\">\n<div class=\"wp-block-group alignwide has-background-background-color has-background has-global-padding is-layout-constrained wp-container-core-group-is-layout-3167cc06 wp-block-group-is-layout-constrained\" style=\"border-radius:1rem;padding-top:var(--wp--preset--spacing--40);padding-right:var(--wp--preset--spacing--40);padding-bottom:var(--wp--preset--spacing--40);padding-left:var(--wp--preset--spacing--40)\">\n<div class=\"wp-block-group alignwide has-global-padding is-content-justification-left is-layout-constrained wp-container-core-group-is-layout-daacf47e wp-block-group-is-layout-constrained\" style=\"margin-bottom:var(--wp--preset--spacing--50)\">\n<h2 class=\"wp-block-heading has-large-font-size\">What is Gestalt therapy?<\/h2>\n\n\n\n<p class=\"wp-block-paragraph\" style=\"margin-top:16px\">Sometimes, life circumstances and personal history cause us to choose behaviors that feel safe for the moment but far from happiness. Gestalt techniques help to uncover the true needs of the human being and help build fulfilling relationships.<\/p>\n<\/div>\n\n\n\n<blockquote class=\"wp-block-quote is-layout-flow wp-block-quote-is-layout-flow\">\n<p class=\"wp-block-paragraph\"><mark style=\"background-color:rgba(0, 0, 0, 0)\" class=\"has-inline-color has-foreground-color\">\u201cGestalt therapists believe that people potentially have all the necessary abilities to solve their problems or face their difficulties\u201d, &#8211; Phil Joyce and Charlotte Sills<\/mark><\/p>\n<\/blockquote>\n\n\n\n<div class=\"wp-block-buttons is-content-justification-left is-layout-flex wp-container-core-buttons-is-layout-3597fe8b wp-block-buttons-is-layout-flex\" style=\"margin-top:var(--wp--preset--spacing--50)\">\n<div style=\"--wp--block-button--width: 100;\" class=\"wp-block-button has-custom-width wp-block-button__width wp-block-button__width-100\"><a class=\"wp-block-button__link wp-element-button\" href=\"https:\/\/feelit.ee\/home\/what-is-gestalt-therapy\/\">Discover More<\/a><\/div>\n<\/div>\n<\/div>\n<\/div>\n\n\n\n<div class=\"wp-block-column is-layout-flow wp-block-column-is-layout-flow\">\n<div class=\"wp-block-cover\" style=\"border-top-left-radius:1rem;border-top-right-radius:1rem;border-bottom-left-radius:1rem;border-bottom-right-radius:1rem;min-height:100%;aspect-ratio:unset;\"><img loading=\"lazy\" decoding=\"async\" width=\"768\" height=\"1024\" class=\"wp-block-cover__image-background wp-image-83 size-large\" alt=\"\" src=\"https:\/\/feelit.ee\/home\/wp-content\/uploads\/2025\/10\/IMG_7750-768x1024.jpeg\" data-object-fit=\"cover\" srcset=\"https:\/\/feelit.ee\/home\/wp-content\/uploads\/2025\/10\/IMG_7750-768x1024.jpeg 768w, https:\/\/feelit.ee\/home\/wp-content\/uploads\/2025\/10\/IMG_7750-225x300.jpeg 225w, https:\/\/feelit.ee\/home\/wp-content\/uploads\/2025\/10\/IMG_7750-1152x1536.jpeg 1152w, https:\/\/feelit.ee\/home\/wp-content\/uploads\/2025\/10\/IMG_7750-1536x2048.jpeg 1536w, https:\/\/feelit.ee\/home\/wp-content\/uploads\/2025\/10\/IMG_7750-scaled.jpeg 1920w\" sizes=\"auto, (max-width: 768px) 100vw, 768px\" \/><span aria-hidden=\"true\" class=\"wp-block-cover__background has-background-dim-0 has-background-dim\" style=\"background-color:#8d7669\"><\/span><div class=\"wp-block-cover__inner-container is-layout-flow wp-block-cover-is-layout-flow\">\n<div style=\"height:380px\" aria-hidden=\"true\" class=\"wp-block-spacer\"><\/div>\n<\/div><\/div>\n<\/div>\n<\/div>\n<\/div>\n\n\n\n<div class=\"wp-block-group alignfull has-background-background-color has-background has-global-padding is-layout-constrained wp-container-core-group-is-layout-6186ed13 wp-block-group-is-layout-constrained\" style=\"margin-top:0;margin-bottom:0;padding-top:var(--wp--preset--spacing--60);padding-right:var(--wp--preset--spacing--30);padding-bottom:var(--wp--preset--spacing--60);padding-left:var(--wp--preset--spacing--30)\">\n<p class=\"has-text-align-center has-large-font-size wp-block-paragraph\">Clients feedback<\/p>\n\n\n\n<div class=\"wp-block-columns alignwide are-vertically-aligned-center is-layout-flex wp-container-core-columns-is-layout-a30e3532 wp-block-columns-is-layout-flex\">\n<div class=\"wp-block-column is-vertically-aligned-center is-layout-flow wp-block-column-is-layout-flow\" style=\"flex-basis:25%\">\n<div class=\"wp-block-group is-nowrap is-layout-flex wp-container-core-group-is-layout-e65e602f wp-block-group-is-layout-flex\">\n<figure class=\"wp-block-image aligncenter size-large is-resized is-style-rounded\"><a href=\"https:\/\/www.linkedin.com\/in\/doris-kolga-8572109\/\"><img decoding=\"async\" src=\"https:\/\/media.licdn.com\/dms\/image\/v2\/D5603AQHYSU-LEi5aJA\/profile-displayphoto-scale_200_200\/B56Zhl6yHVG0Ag-\/0\/1754056566072?e=1775692800&amp;v=beta&amp;t=WWvyXlg5UgnFPeISAjRKKlFXOZw8GcK_O8nefKZvHP4\" alt=\"\" style=\"width:145px;height:auto\"\/><\/a><\/figure>\n\n\n\n<div class=\"wp-block-group has-global-padding is-layout-constrained wp-block-group-is-layout-constrained\">\n<h4 class=\"wp-block-heading\" style=\"margin-top:18px;font-size:clamp(14px, 0.875rem + ((1vw - 3.2px) * 0.417), 18px);\"><a href=\"https:\/\/www.linkedin.com\/in\/doris-kolga-8572109\/\" target=\"_blank\" rel=\"noopener\" title=\"\">Doris Kolga<\/a><\/h4>\n\n\n\n<p class=\"has-small-font-size wp-block-paragraph\" style=\"margin-top:4px\">Business Leader | Estonia<\/p>\n<\/div>\n<\/div>\n<\/div>\n\n\n\n<div class=\"wp-block-column is-vertically-aligned-center is-layout-flow wp-block-column-is-layout-flow\" style=\"flex-basis:66.66%\">\n<p class=\"has-tertiary-background-color has-background wp-block-paragraph\" style=\"border-radius:1.5rem;padding-top:var(--wp--preset--spacing--30);padding-right:24px;padding-bottom:var(--wp--preset--spacing--30);padding-left:24px\">I joined a peer group led by Oksana for people from the IT field experiencing burnout. She created a calm and supportive space where it was easy to reflect, share, and learn from each other. The process helped me see how burnout connects not only to work but also to deeper personal patterns and habits.<\/p>\n<\/div>\n<\/div>\n<\/div>\n\n\n\n<div class=\"wp-block-group alignfull has-tertiary-background-color has-background has-global-padding is-layout-constrained wp-container-core-group-is-layout-8a1bad83 wp-block-group-is-layout-constrained\" id=\"blog\" style=\"margin-top:0;margin-bottom:0;padding-top:var(--wp--preset--spacing--60);padding-right:var(--wp--preset--spacing--30);padding-bottom:var(--wp--preset--spacing--60);padding-left:var(--wp--preset--spacing--30)\">\n<div class=\"wp-block-group alignwide is-vertical is-layout-flex wp-container-core-group-is-layout-70bee9af wp-block-group-is-layout-flex\">\n<div class=\"wp-block-group alignwide has-global-padding is-content-justification-left is-layout-constrained wp-container-core-group-is-layout-e291683b wp-block-group-is-layout-constrained\">\n<h2 class=\"wp-block-heading has-large-font-size\">Blog<\/h2>\n\n\n\n<p class=\"wp-block-paragraph\" style=\"margin-top:16px\">Learn more about gestalt psychotherapy and how it facilitates growth and striving <\/p>\n<\/div>\n<\/div>\n\n\n\n<div data-wp-context=\"{}\" data-wp-interactive=\"core\/query\" data-wp-key=\"10\" data-wp-router-region=\"query-10\" class=\"wp-block-query alignwide is-layout-flow wp-block-query-is-layout-flow\"><ul class=\"columns-3 wp-block-post-template is-layout-grid wp-container-core-post-template-is-layout-07e323a8 wp-block-post-template-is-layout-grid\"><li data-wp-key=\"post-template-item-266\" class=\"wp-block-post post-266 post type-post status-publish format-standard hentry category-uncategorized\">\n\n<div class=\"wp-block-group has-background-background-color has-background has-global-padding is-layout-constrained wp-container-core-group-is-layout-9e7c0ed1 wp-block-group-is-layout-constrained\" style=\"border-radius:12px;padding-top:0;padding-right:0;padding-bottom:0;padding-left:0\">\n\n\n<div class=\"wp-block-group has-global-padding is-layout-constrained wp-container-core-group-is-layout-6692d081 wp-block-group-is-layout-constrained\" style=\"padding-top:1.5rem;padding-right:1.5rem;padding-bottom:1.5rem;padding-left:1.5rem\"><div class=\"taxonomy-category has-link-color wp-elements-1 wp-block-post-terms has-small-font-size\"><a href=\"https:\/\/feelit.ee\/home\/category\/uncategorized\/\" rel=\"tag\">Uncategorized<\/a><\/div>\n\n<h2 style=\"font-size:clamp(0.984rem, 0.984rem + ((1vw - 0.2rem) * 0.86), 1.5rem);margin-top:6px;margin-bottom:12px\" class=\"wp-block-post-title\"><a href=\"https:\/\/feelit.ee\/home\/at-least-she-didnt-shout-at-me\/\" target=\"_self\" >\u2018At least she didn&#8217;t shout at me.&#8217;<\/a><\/h2>\n\n<div style=\"margin-top:0;margin-bottom:0\" class=\"wp-block-post-excerpt has-small-font-size\"><p class=\"wp-block-post-excerpt__excerpt\">That&#8217;s the sentence I used to excuse someone abusing their power. Last&hellip; <\/p><\/div><\/div>\n<\/div>\n\n<\/li><li data-wp-key=\"post-template-item-242\" class=\"wp-block-post post-242 post type-post status-publish format-standard hentry category-uncategorized\">\n\n<div class=\"wp-block-group has-background-background-color has-background has-global-padding is-layout-constrained wp-container-core-group-is-layout-9e7c0ed1 wp-block-group-is-layout-constrained\" style=\"border-radius:12px;padding-top:0;padding-right:0;padding-bottom:0;padding-left:0\">\n\n\n<div class=\"wp-block-group has-global-padding is-layout-constrained wp-container-core-group-is-layout-6692d081 wp-block-group-is-layout-constrained\" style=\"padding-top:1.5rem;padding-right:1.5rem;padding-bottom:1.5rem;padding-left:1.5rem\"><div class=\"taxonomy-category has-link-color wp-elements-2 wp-block-post-terms has-small-font-size\"><a href=\"https:\/\/feelit.ee\/home\/category\/uncategorized\/\" rel=\"tag\">Uncategorized<\/a><\/div>\n\n<h2 style=\"font-size:clamp(0.984rem, 0.984rem + ((1vw - 0.2rem) * 0.86), 1.5rem);margin-top:6px;margin-bottom:12px\" class=\"wp-block-post-title\"><a href=\"https:\/\/feelit.ee\/home\/my-it-clients-are-brilliant-mathematicians-who-forgot-to-include-emotions-to-the-equation\/\" target=\"_self\" >My IT clients are brilliant mathematicians who forgot to include emotions to the equation.\u00a0<\/a><\/h2>\n\n<div style=\"margin-top:0;margin-bottom:0\" class=\"wp-block-post-excerpt has-small-font-size\"><p class=\"wp-block-post-excerpt__excerpt\">They make \u2018right\u2019 decisions, analyze, make smart choices. And\u2026 are experiencing mental&hellip; <\/p><\/div><\/div>\n<\/div>\n\n<\/li><li data-wp-key=\"post-template-item-253\" class=\"wp-block-post post-253 post type-post status-publish format-standard has-post-thumbnail hentry category-uncategorized\">\n\n<div class=\"wp-block-group has-background-background-color has-background has-global-padding is-layout-constrained wp-container-core-group-is-layout-9e7c0ed1 wp-block-group-is-layout-constrained\" style=\"border-radius:12px;padding-top:0;padding-right:0;padding-bottom:0;padding-left:0\"><figure class=\"wp-block-post-featured-image\"><a href=\"https:\/\/feelit.ee\/home\/training-on-may-20th-2026-in-tallinn-was-a-success\/\" target=\"_self\" ><img loading=\"lazy\" decoding=\"async\" width=\"1536\" height=\"2048\" src=\"https:\/\/feelit.ee\/home\/wp-content\/uploads\/2026\/05\/att.trneVF1n-5o6v_VA8TuBJN8HJWM0-KitifsAd2QR-i8-2.jpeg\" class=\"attachment-post-thumbnail size-post-thumbnail wp-post-image\" alt=\"Training on May 20th, 2026 in Tallinn was a success\" title=\"Training on May 20th, 2026 in Tallinn was a success\" style=\"border-top-left-radius:12px;border-top-right-radius:12px;aspect-ratio:4\/3;width:100%;object-fit:cover;\" srcset=\"https:\/\/feelit.ee\/home\/wp-content\/uploads\/2026\/05\/att.trneVF1n-5o6v_VA8TuBJN8HJWM0-KitifsAd2QR-i8-2.jpeg 1536w, https:\/\/feelit.ee\/home\/wp-content\/uploads\/2026\/05\/att.trneVF1n-5o6v_VA8TuBJN8HJWM0-KitifsAd2QR-i8-2-225x300.jpeg 225w, https:\/\/feelit.ee\/home\/wp-content\/uploads\/2026\/05\/att.trneVF1n-5o6v_VA8TuBJN8HJWM0-KitifsAd2QR-i8-2-768x1024.jpeg 768w, https:\/\/feelit.ee\/home\/wp-content\/uploads\/2026\/05\/att.trneVF1n-5o6v_VA8TuBJN8HJWM0-KitifsAd2QR-i8-2-1152x1536.jpeg 1152w\" sizes=\"auto, (max-width: 1536px) 100vw, 1536px\" \/><\/a><\/figure>\n\n\n<div class=\"wp-block-group has-global-padding is-layout-constrained wp-container-core-group-is-layout-6692d081 wp-block-group-is-layout-constrained\" style=\"padding-top:1.5rem;padding-right:1.5rem;padding-bottom:1.5rem;padding-left:1.5rem\"><div class=\"taxonomy-category has-link-color wp-elements-3 wp-block-post-terms has-small-font-size\"><a href=\"https:\/\/feelit.ee\/home\/category\/uncategorized\/\" rel=\"tag\">Uncategorized<\/a><\/div>\n\n<h2 style=\"font-size:clamp(0.984rem, 0.984rem + ((1vw - 0.2rem) * 0.86), 1.5rem);margin-top:6px;margin-bottom:12px\" class=\"wp-block-post-title\"><a href=\"https:\/\/feelit.ee\/home\/training-on-may-20th-2026-in-tallinn-was-a-success\/\" target=\"_self\" >Training on May 20th, 2026 in Tallinn was a success<\/a><\/h2>\n\n<div style=\"margin-top:0;margin-bottom:0\" class=\"wp-block-post-excerpt has-small-font-size\"><p class=\"wp-block-post-excerpt__excerpt\">WE DID IT!!! \ud83d\udc6f\u200d\u2640\ufe0f A first workshop &#8220;Tubli t\u00fcdruku l\u00f5ksust v\u00e4lja&#8221; with&hellip; <\/p><\/div><\/div>\n<\/div>\n\n<\/li><\/ul><\/div>\n\n\n\n<div class=\"wp-block-buttons is-content-justification-center is-layout-flex wp-container-core-buttons-is-layout-1ca5bae2 wp-block-buttons-is-layout-flex\" style=\"margin-top:var(--wp--preset--spacing--40)\">\n<div class=\"wp-block-button\"><a class=\"wp-block-button__link wp-element-button\" href=\"https:\/\/feelit.ee\/home\/blog\">See More<\/a><\/div>\n<\/div>\n<\/div>\n\n\n\n<div class=\"wp-block-group alignfull has-background-background-color has-background has-global-padding is-layout-constrained wp-container-core-group-is-layout-a0b6a4af wp-block-group-is-layout-constrained\" id=\"events\" style=\"margin-top:0;margin-bottom:0;padding-top:var(--wp--preset--spacing--60);padding-right:var(--wp--preset--spacing--30);padding-bottom:var(--wp--preset--spacing--60);padding-left:var(--wp--preset--spacing--30)\">\n<div class=\"wp-block-group alignwide is-vertical is-layout-flex wp-container-core-group-is-layout-70bee9af wp-block-group-is-layout-flex\">\n<div class=\"wp-block-group alignwide has-global-padding is-content-justification-left is-layout-constrained wp-container-core-group-is-layout-25504710 wp-block-group-is-layout-constrained\">\n<h3 class=\"wp-block-heading\">Active and Upcoming<\/h3>\n\n\n\n<p class=\"wp-block-paragraph\" style=\"margin-top:16px\">Discover upcoming workshops and group sessions.<\/p>\n<\/div>\n<\/div>\n\n\n\n<div class=\"wp-block-columns alignwide is-layout-flex wp-container-core-columns-is-layout-e35d3e13 wp-block-columns-is-layout-flex\">\n<div class=\"wp-block-column is-layout-flow wp-block-column-is-layout-flow\">\n<div class=\"wp-block-group has-tertiary-background-color has-background has-global-padding is-layout-constrained wp-container-core-group-is-layout-a29d6724 wp-block-group-is-layout-constrained\" style=\"border-radius:1rem;padding-top:var(--wp--preset--spacing--30);padding-right:var(--wp--preset--spacing--30);padding-bottom:var(--wp--preset--spacing--30);padding-left:var(--wp--preset--spacing--30)\">\n<div class=\"wp-block-group is-content-justification-space-between is-nowrap is-layout-flex wp-container-core-group-is-layout-437d3fd9 wp-block-group-is-layout-flex\">\n<h3 class=\"wp-block-heading\" style=\"font-size:clamp(14px, 0.875rem + ((1vw - 3.2px) * 0.625), 20px);line-height:1.5\">Anxiety support group. Language: ee<\/h3>\n\n\n\n<p class=\"has-small-font-size wp-block-paragraph\" style=\"margin-top:8px;text-transform:uppercase\">Start 1.10.2026<\/p>\n<\/div>\n\n\n\n<p class=\"has-small-font-size wp-block-paragraph\" style=\"margin-top:16px\">Co-lead with Reelika Jakubovski, an anxiety support group creates a safe place for people experiencing anxiety to learn and practice self-regulation tools and to be accepted in supportive environment. Group gathers twice a month. New group will start on October 1st, 2026 in Tallinn.<\/p>\n\n\n\n<p class=\"wp-block-paragraph\">Sign up by sending an email to oksana@feelit.ee and reelika@tunderuum.ee<\/p>\n<\/div>\n<\/div>\n\n\n\n<div class=\"wp-block-column is-layout-flow wp-block-column-is-layout-flow\">\n<div class=\"wp-block-group has-tertiary-background-color has-background has-global-padding is-layout-constrained wp-container-core-group-is-layout-a29d6724 wp-block-group-is-layout-constrained\" style=\"border-radius:1rem;padding-top:var(--wp--preset--spacing--30);padding-right:var(--wp--preset--spacing--30);padding-bottom:var(--wp--preset--spacing--30);padding-left:var(--wp--preset--spacing--30)\">\n<div class=\"wp-block-group is-content-justification-space-between is-nowrap is-layout-flex wp-container-core-group-is-layout-437d3fd9 wp-block-group-is-layout-flex\">\n<h3 class=\"wp-block-heading\" style=\"font-size:clamp(14px, 0.875rem + ((1vw - 3.2px) * 0.625), 20px);line-height:1.5\">Burnout in IT. Language: ee or en<\/h3>\n\n\n\n<p class=\"has-small-font-size wp-block-paragraph\" style=\"margin-top:8px;text-transform:uppercase\">coming soon<\/p>\n<\/div>\n\n\n\n<p class=\"has-small-font-size wp-block-paragraph\" style=\"margin-top:16px\">A group for IT professionals who have experienced burnout in their work life and would like to understand better their personal mechanism of burnout with the goal of preventing future episodes<\/p>\n\n\n\n<p class=\"wp-block-paragraph\"><a href=\"https:\/\/forms.gle\/dEvrxQ8a1iqdUJiU9\" target=\"_blank\" rel=\"noopener\" title=\"\">Sign up here<\/a><\/p>\n<\/div>\n<\/div>\n<\/div>\n\n\n\n<div class=\"wp-block-columns alignwide is-layout-flex wp-container-core-columns-is-layout-9cb78017 wp-block-columns-is-layout-flex\" style=\"margin-top:var(--wp--preset--spacing--30)\">\n<div class=\"wp-block-column is-layout-flow wp-block-column-is-layout-flow\">\n<div class=\"wp-block-group has-tertiary-background-color has-background has-global-padding is-layout-constrained wp-container-core-group-is-layout-a29d6724 wp-block-group-is-layout-constrained\" style=\"border-radius:1rem;padding-top:var(--wp--preset--spacing--30);padding-right:var(--wp--preset--spacing--30);padding-bottom:var(--wp--preset--spacing--30);padding-left:var(--wp--preset--spacing--30)\">\n<div class=\"wp-block-group is-content-justification-space-between is-nowrap is-layout-flex wp-container-core-group-is-layout-437d3fd9 wp-block-group-is-layout-flex\">\n<h3 class=\"wp-block-heading\" style=\"font-size:clamp(14px, 0.875rem + ((1vw - 3.2px) * 0.625), 20px);line-height:1.5\">Self-development group. Language: ua<\/h3>\n\n\n\n<p class=\"has-small-font-size wp-block-paragraph\" style=\"margin-top:8px;text-transform:uppercase\">Monthly<\/p>\n<\/div>\n\n\n\n<p class=\"has-small-font-size wp-block-paragraph\" style=\"margin-top:16px\">Monthly self-development groups in Ukrainian for people living in Estonia. Groups gather in Akadeemia kohv in Tallinn<\/p>\n\n\n\n<p class=\"wp-block-paragraph\"><a href=\"https:\/\/forms.gle\/QRA256pU5uyGxDXT7\" target=\"_blank\" rel=\"noopener\" title=\"\">Sign up here<\/a><\/p>\n<\/div>\n<\/div>\n\n\n\n<div class=\"wp-block-column is-layout-flow wp-block-column-is-layout-flow\">\n<div class=\"wp-block-group has-tertiary-background-color has-background has-global-padding is-layout-constrained wp-container-core-group-is-layout-a29d6724 wp-block-group-is-layout-constrained\" style=\"border-radius:1rem;padding-top:var(--wp--preset--spacing--30);padding-right:var(--wp--preset--spacing--30);padding-bottom:var(--wp--preset--spacing--30);padding-left:var(--wp--preset--spacing--30)\">\n<div class=\"wp-block-group is-content-justification-space-between is-nowrap is-layout-flex wp-container-core-group-is-layout-437d3fd9 wp-block-group-is-layout-flex\">\n<h3 class=\"wp-block-heading\" style=\"font-size:clamp(14px, 0.875rem + ((1vw - 3.2px) * 0.625), 20px);line-height:1.5\">&#8220;Tubli t\u00fcdruku l\u00f5ksust v\u00e4lja&#8221; training for women. Language: ee<\/h3>\n\n\n\n<p class=\"has-small-font-size wp-block-paragraph\" style=\"margin-top:8px;text-transform:uppercase\">Autumn 2026<\/p>\n<\/div>\n\n\n\n<p class=\"has-small-font-size wp-block-paragraph\" style=\"margin-top:16px\">Training for women stuck in a &#8216;good girl&#8217; role who find it challenging recognizing and prioritizing their own needs. Co-lead with a Leadership coach <a href=\"https:\/\/silviatali.com\/\" target=\"_blank\" rel=\"noopener\" title=\"\">Aino-Silvia Tali<\/a><\/p>\n\n\n\n<p class=\"wp-block-paragraph\">Follow updates on my <a href=\"https:\/\/www.linkedin.com\/in\/oksana-lang\/\" title=\"\">LinkedIn profile<\/a> for upcoming trainings dates<\/p>\n<\/div>\n<\/div>\n<\/div>\n<\/div>\n","protected":false},"excerpt":{"rendered":"<p>The first step towards recovery is allowing yourself to Feel it I\u2019m Oksana &#8211; certified gestalt psychotherapist. I offer: Available in English, Estonian, and Ukrainian, in Tallinn or online. Member [&hellip;]<\/p>\n","protected":false},"author":1,"featured_media":0,"parent":0,"menu_order":0,"comment_status":"closed","ping_status":"closed","template":"no-title","meta":{"_EventAllDay":false,"_EventTimezone":"","_EventStartDate":"","_EventEndDate":"","_EventStartDateUTC":"","_EventEndDateUTC":"","_EventShowMap":false,"_EventShowMapLink":false,"_EventURL":"","_EventCost":"","_EventCostDescription":"","_EventCurrencySymbol":"","_EventCurrencyCode":"","_EventCurrencyPosition":"","_EventDateTimeSeparator":"","_EventTimeRangeSeparator":"","_EventOrganizerID":[],"_EventVenueID":[],"_OrganizerEmail":"","_OrganizerPhone":"","_OrganizerWebsite":"","_VenueAddress":"","_VenueCity":"","_VenueCountry":"","_VenueProvince":"","_VenueState":"","_VenueZip":"","_VenuePhone":"","_VenueURL":"","_VenueStateProvince":"","_VenueLat":"","_VenueLng":"","_VenueShowMap":false,"_VenueShowMapLink":false,"footnotes":""},"class_list":["post-40","page","type-page","status-publish","hentry"],"aioseo_notices":[],"aioseo_head":"\n\t\t<!-- All in One SEO 5.0.1.1 - aioseo.com -->\n\t<meta name=\"description\" content=\"The first step towards recovery is allowing yourself to Feel it I\u2019m Oksana - certified gestalt psychotherapist. I offer: Individual therapy - a safe space for your personal journey Group sessions - supportive communities for shared growth Workshops for organisations - burnout prevention, mental health awareness, and workspace well-being Available in English, Estonian, and Ukrainian,\" \/>\n\t<meta name=\"robots\" content=\"max-image-preview:large\" \/>\n\t<meta name=\"google-site-verification\" content=\"gy-Ii9MDbhCGTQGpTJ0zs6adL1iHm-387fVWGn1nTuU\" \/>\n\t<link rel=\"canonical\" href=\"https:\/\/feelit.ee\/home\/\" \/>\n\t<meta name=\"generator\" content=\"All in One SEO (AIOSEO) 5.0.1.1\" \/>\n\t\t<meta property=\"og:locale\" content=\"en_US\" \/>\n\t\t<meta property=\"og:site_name\" content=\"Oksana Lang | Gestalt Psychotherapist - Just another WordPress site\" \/>\n\t\t<meta property=\"og:type\" content=\"article\" \/>\n\t\t<meta property=\"og:title\" content=\"Therapy and Counselling for Burnout, Anxiety, and Personal Growth | Oksana Lang - Oksana Lang | Gestalt Psychotherapist\" \/>\n\t\t<meta property=\"og:description\" content=\"The first step towards recovery is allowing yourself to Feel it I\u2019m Oksana - certified gestalt psychotherapist. I offer: Individual therapy - a safe space for your personal journey Group sessions - supportive communities for shared growth Workshops for organisations - burnout prevention, mental health awareness, and workspace well-being Available in English, Estonian, and Ukrainian,\" \/>\n\t\t<meta property=\"og:url\" content=\"https:\/\/feelit.ee\/home\/\" \/>\n\t\t<meta property=\"article:published_time\" content=\"2025-10-11T07:11:28+00:00\" \/>\n\t\t<meta property=\"article:modified_time\" content=\"2026-08-22T13:55:15+00:00\" \/>\n\t\t<meta name=\"twitter:card\" content=\"summary_large_image\" \/>\n\t\t<meta name=\"twitter:title\" content=\"Therapy and Counselling for Burnout, Anxiety, and Personal Growth | Oksana Lang - Oksana Lang | Gestalt Psychotherapist\" \/>\n\t\t<meta name=\"twitter:description\" content=\"The first step towards recovery is allowing yourself to Feel it I\u2019m Oksana - certified gestalt psychotherapist. I offer: Individual therapy - a safe space for your personal journey Group sessions - supportive communities for shared growth Workshops for organisations - burnout prevention, mental health awareness, and workspace well-being Available in English, Estonian, and Ukrainian,\" \/>\n\t\t<script type=\"application\/ld+json\" class=\"aioseo-schema\">\n\t\t\t{\"@context\":\"https:\\\/\\\/schema.org\",\"@graph\":[{\"@type\":\"BreadcrumbList\",\"@id\":\"https:\\\/\\\/feelit.ee\\\/home\\\/#breadcrumblist\",\"itemListElement\":[{\"@type\":\"ListItem\",\"@id\":\"https:\\\/\\\/feelit.ee\\\/home#listItem\",\"position\":1,\"name\":\"Home\",\"item\":\"https:\\\/\\\/feelit.ee\\\/home\",\"nextItem\":{\"@type\":\"ListItem\",\"@id\":\"https:\\\/\\\/feelit.ee\\\/home\\\/#listItem\",\"name\":\"Therapy and Counselling for Burnout, Anxiety, and Personal Growth | Oksana Lang\"}},{\"@type\":\"ListItem\",\"@id\":\"https:\\\/\\\/feelit.ee\\\/home\\\/#listItem\",\"position\":2,\"name\":\"Therapy and Counselling for Burnout, Anxiety, and Personal Growth | Oksana Lang\",\"previousItem\":{\"@type\":\"ListItem\",\"@id\":\"https:\\\/\\\/feelit.ee\\\/home#listItem\",\"name\":\"Home\"}}]},{\"@type\":\"Organization\",\"@id\":\"https:\\\/\\\/feelit.ee\\\/home\\\/#organization\",\"name\":\"Oksana Lang | Gestalt Psychotherapist\",\"description\":\"Just another WordPress site\",\"url\":\"https:\\\/\\\/feelit.ee\\\/home\\\/\"},{\"@type\":\"WebPage\",\"@id\":\"https:\\\/\\\/feelit.ee\\\/home\\\/#webpage\",\"url\":\"https:\\\/\\\/feelit.ee\\\/home\\\/\",\"name\":\"Therapy and Counselling for Burnout, Anxiety, and Personal Growth | Oksana Lang - Oksana Lang | Gestalt Psychotherapist\",\"description\":\"The first step towards recovery is allowing yourself to Feel it I\\u2019m Oksana - certified gestalt psychotherapist. I offer: Individual therapy - a safe space for your personal journey Group sessions - supportive communities for shared growth Workshops for organisations - burnout prevention, mental health awareness, and workspace well-being Available in English, Estonian, and Ukrainian,\",\"inLanguage\":\"en\",\"isPartOf\":{\"@id\":\"https:\\\/\\\/feelit.ee\\\/home\\\/#website\"},\"breadcrumb\":{\"@id\":\"https:\\\/\\\/feelit.ee\\\/home\\\/#breadcrumblist\"},\"datePublished\":\"2025-10-11T07:11:28+03:00\",\"dateModified\":\"2026-08-22T16:55:15+03:00\"},{\"@type\":\"WebSite\",\"@id\":\"https:\\\/\\\/feelit.ee\\\/home\\\/#website\",\"url\":\"https:\\\/\\\/feelit.ee\\\/home\\\/\",\"name\":\"Oksana Lang | Gestalt Psychotherapist\",\"description\":\"Just another WordPress site\",\"inLanguage\":\"en\",\"publisher\":{\"@id\":\"https:\\\/\\\/feelit.ee\\\/home\\\/#organization\"}}]}\n\t\t<\/script>\n\t\t<!-- All in One SEO -->\n\n","aioseo_head_json":{"title":"Therapy and Counselling for Burnout, Anxiety, and Personal Growth | Oksana Lang - Oksana Lang | Gestalt Psychotherapist","description":"The first step towards recovery is allowing yourself to Feel it I\u2019m Oksana - certified gestalt psychotherapist. I offer: Individual therapy - a safe space for your personal journey Group sessions - supportive communities for shared growth Workshops for organisations - burnout prevention, mental health awareness, and workspace well-being Available in English, Estonian, and Ukrainian,","canonical_url":"https:\/\/feelit.ee\/home\/","robots":"max-image-preview:large","keywords":"","webmasterTools":{"google-site-verification":"gy-Ii9MDbhCGTQGpTJ0zs6adL1iHm-387fVWGn1nTuU","miscellaneous":""},"schema":{"@context":"https:\/\/schema.org","@graph":[{"@type":"BreadcrumbList","@id":"https:\/\/feelit.ee\/home\/#breadcrumblist","itemListElement":[{"@type":"ListItem","@id":"https:\/\/feelit.ee\/home#listItem","position":1,"name":"Home","item":"https:\/\/feelit.ee\/home","nextItem":{"@type":"ListItem","@id":"https:\/\/feelit.ee\/home\/#listItem","name":"Therapy and Counselling for Burnout, Anxiety, and Personal Growth | Oksana Lang"}},{"@type":"ListItem","@id":"https:\/\/feelit.ee\/home\/#listItem","position":2,"name":"Therapy and Counselling for Burnout, Anxiety, and Personal Growth | Oksana Lang","previousItem":{"@type":"ListItem","@id":"https:\/\/feelit.ee\/home#listItem","name":"Home"}}]},{"@type":"Organization","@id":"https:\/\/feelit.ee\/home\/#organization","name":"Oksana Lang | Gestalt Psychotherapist","description":"Just another WordPress site","url":"https:\/\/feelit.ee\/home\/"},{"@type":"WebPage","@id":"https:\/\/feelit.ee\/home\/#webpage","url":"https:\/\/feelit.ee\/home\/","name":"Therapy and Counselling for Burnout, Anxiety, and Personal Growth | Oksana Lang - Oksana Lang | Gestalt Psychotherapist","description":"The first step towards recovery is allowing yourself to Feel it I\u2019m Oksana - certified gestalt psychotherapist. I offer: Individual therapy - a safe space for your personal journey Group sessions - supportive communities for shared growth Workshops for organisations - burnout prevention, mental health awareness, and workspace well-being Available in English, Estonian, and Ukrainian,","inLanguage":"en","isPartOf":{"@id":"https:\/\/feelit.ee\/home\/#website"},"breadcrumb":{"@id":"https:\/\/feelit.ee\/home\/#breadcrumblist"},"datePublished":"2025-10-11T07:11:28+03:00","dateModified":"2026-08-22T16:55:15+03:00"},{"@type":"WebSite","@id":"https:\/\/feelit.ee\/home\/#website","url":"https:\/\/feelit.ee\/home\/","name":"Oksana Lang | Gestalt Psychotherapist","description":"Just another WordPress site","inLanguage":"en","publisher":{"@id":"https:\/\/feelit.ee\/home\/#organization"}}]},"og:locale":"en_US","og:site_name":"Oksana Lang | Gestalt Psychotherapist - Just another WordPress site","og:type":"article","og:title":"Therapy and Counselling for Burnout, Anxiety, and Personal Growth | Oksana Lang - Oksana Lang | Gestalt Psychotherapist","og:description":"The first step towards recovery is allowing yourself to Feel it I\u2019m Oksana - certified gestalt psychotherapist. I offer: Individual therapy - a safe space for your personal journey Group sessions - supportive communities for shared growth Workshops for organisations - burnout prevention, mental health awareness, and workspace well-being Available in English, Estonian, and Ukrainian,","og:url":"https:\/\/feelit.ee\/home\/","article:published_time":"2025-10-11T07:11:28+00:00","article:modified_time":"2026-08-22T13:55:15+00:00","twitter:card":"summary_large_image","twitter:title":"Therapy and Counselling for Burnout, Anxiety, and Personal Growth | Oksana Lang - Oksana Lang | Gestalt Psychotherapist","twitter:description":"The first step towards recovery is allowing yourself to Feel it I\u2019m Oksana - certified gestalt psychotherapist. I offer: Individual therapy - a safe space for your personal journey Group sessions - supportive communities for shared growth Workshops for organisations - burnout prevention, mental health awareness, and workspace well-being Available in English, Estonian, and Ukrainian,"},"aioseo_meta_data":{"post_id":"40","title":null,"description":null,"keywords":null,"keyphrases":{"focus":{"keyphrase":"","score":0,"analysis":{"keyphraseInTitle":{"score":0,"maxScore":9,"error":1}}},"additional":[]},"primary_term":null,"canonical_url":null,"og_title":null,"og_description":null,"og_object_type":"default","og_image_type":"default","og_image_url":null,"og_image_width":null,"og_image_height":null,"og_image_custom_url":null,"og_image_custom_fields":null,"og_video":"","og_custom_url":null,"og_article_section":null,"og_article_tags":null,"twitter_use_og":false,"twitter_card":"default","twitter_image_type":"default","twitter_image_url":null,"twitter_image_custom_url":null,"twitter_image_custom_fields":null,"twitter_title":null,"twitter_description":null,"schema":{"blockGraphs":[],"customGraphs":[],"default":{"data":{"Article":[],"Course":[],"Dataset":[],"FAQPage":[],"Movie":[],"Person":[],"Product":[],"ProductReview":[],"Car":[],"Recipe":[],"Service":[],"SoftwareApplication":[],"WebPage":[]},"graphName":"WebPage","isEnabled":true},"graphs":[]},"schema_type":"default","schema_type_options":null,"pillar_content":false,"robots_default":true,"robots_noindex":false,"robots_noarchive":false,"robots_nosnippet":false,"robots_nofollow":false,"robots_noimageindex":false,"robots_noodp":false,"robots_notranslate":false,"robots_max_snippet":"-1","robots_max_videopreview":"-1","robots_max_imagepreview":"large","priority":null,"frequency":"default","local_seo":null,"breadcrumb_settings":null,"limit_modified_date":false,"ai":{"faqs":[],"keyPoints":[],"schemas":[],"titles":[],"descriptions":[],"socialPosts":{"email":{"subject":"","preview":"","content":""},"linkedin":[],"twitter":[],"facebook":[],"instagram":[]}},"created":"2025-10-11 07:13:33","updated":"2026-08-25 00:47:05","seo_analyzer_scan_date":null,"focus_keyword":null,"additional_keywords":null,"truseo_locale":null},"aioseo_breadcrumb":"<div class=\"aioseo-breadcrumbs\"><span class=\"aioseo-breadcrumb\">\n\t\t\t<a href=\"https:\/\/feelit.ee\/home\" title=\"Home\">Home<\/a>\n\t\t<\/span><span class=\"aioseo-breadcrumb-separator\">&raquo;<\/span><span class=\"aioseo-breadcrumb\">\n\t\t\tTherapy and Counselling for Burnout, Anxiety, and Personal Growth | Oksana Lang\n\t\t<\/span><\/div>","aioseo_breadcrumb_json":[{"label":"Home","link":"https:\/\/feelit.ee\/home"},{"label":"Therapy and Counselling for Burnout, Anxiety, and Personal Growth | Oksana Lang","link":"https:\/\/feelit.ee\/home\/"}],"_links":{"self":[{"href":"https:\/\/feelit.ee\/home\/wp-json\/wp\/v2\/pages\/40","targetHints":{"allow":["GET"]}}],"collection":[{"href":"https:\/\/feelit.ee\/home\/wp-json\/wp\/v2\/pages"}],"about":[{"href":"https:\/\/feelit.ee\/home\/wp-json\/wp\/v2\/types\/page"}],"author":[{"embeddable":true,"href":"https:\/\/feelit.ee\/home\/wp-json\/wp\/v2\/users\/1"}],"replies":[{"embeddable":true,"href":"https:\/\/feelit.ee\/home\/wp-json\/wp\/v2\/comments?post=40"}],"version-history":[{"count":29,"href":"https:\/\/feelit.ee\/home\/wp-json\/wp\/v2\/pages\/40\/revisions"}],"predecessor-version":[{"id":262,"href":"https:\/\/feelit.ee\/home\/wp-json\/wp\/v2\/pages\/40\/revisions\/262"}],"wp:attachment":[{"href":"https:\/\/feelit.ee\/home\/wp-json\/wp\/v2\/media?parent=40"}],"curies":[{"name":"wp","href":"https:\/\/api.w.org\/{rel}","templated":true}]}}